{"version":"1.0","provider_name":"Thinking Africa","provider_url":"https:\/\/www.thinkingafrica.org\/V2","author_name":"TA","author_url":"https:\/\/www.thinkingafrica.org\/V2\/author\/admin\/","title":"La Lettre Flash de Thinking Africa - Num\u00e9ro 1 - Thinking Africa","type":"rich","width":600,"height":338,"html":"<blockquote class=\"wp-embedded-content\" data-secret=\"b13svFWREx\"><a href=\"https:\/\/www.thinkingafrica.org\/V2\/newsletter\/numero-1\/\">La Lettre Flash de Thinking Africa &#8211; Num\u00e9ro 1<\/a><\/blockquote><iframe sandbox=\"allow-scripts\" security=\"restricted\" src=\"https:\/\/www.thinkingafrica.org\/V2\/newsletter\/numero-1\/embed\/#?secret=b13svFWREx\" width=\"600\" height=\"338\" title=\"\u00ab\u00a0La Lettre Flash de Thinking Africa &#8211; Num\u00e9ro 1\u00a0\u00bb &#8212; Thinking Africa\" data-secret=\"b13svFWREx\" frameborder=\"0\" marginwidth=\"0\" marginheight=\"0\" scrolling=\"no\" class=\"wp-embedded-content\"><\/iframe><script>\n\/**\n * WordPress inline HTML embed\n *\n * @since 4.4.0\n * @output wp-includes\/js\/wp-embed.js\n *\n * Single line comments should not be used since they will break\n * the script when inlined in get_post_embed_html(), specifically\n * when the comments are not stripped out due to SCRIPT_DEBUG\n * being turned on.\n *\/\n(function ( window, document ) {\n\t'use strict';\n\n\t\/* Abort for ancient browsers. *\/\n\tif ( ! document.querySelector || ! window.addEventListener || typeof URL === 'undefined' ) {\n\t\treturn;\n\t}\n\n\t\/** @namespace wp *\/\n\twindow.wp = window.wp || {};\n\n\t\/* Abort if script was already executed. *\/\n\tif ( !! window.wp.receiveEmbedMessage ) {\n\t\treturn;\n\t}\n\n\t\/**\n\t * Receive embed message.\n\t *\n\t * @param {MessageEvent} e\n\t *\/\n\twindow.wp.receiveEmbedMessage = function( e ) {\n\t\tvar data = e.data;\n\n\t\t\/* Verify shape of message. *\/\n\t\tif (\n\t\t\t! ( data || data.secret || data.message || data.value ) ||\n\t\t\t\/[^a-zA-Z0-9]\/.test( data.secret )\n\t\t) {\n\t\t\treturn;\n\t\t}\n\n\t\tvar iframes = document.querySelectorAll( 'iframe[data-secret=\"' + data.secret + '\"]' ),\n\t\t\tblockquotes = document.querySelectorAll( 'blockquote[data-secret=\"' + data.secret + '\"]' ),\n\t\t\tallowedProtocols = new RegExp( '^https?:$', 'i' ),\n\t\t\ti, source, height, sourceURL, targetURL;\n\n\t\tfor ( i = 0; i < blockquotes.length; i++ ) {\n\t\t\tblockquotes[ i ].style.display = 'none';\n\t\t}\n\n\t\tfor ( i = 0; i < iframes.length; i++ ) {\n\t\t\tsource = iframes[ i ];\n\n\t\t\tif ( e.source !== source.contentWindow ) {\n\t\t\t\tcontinue;\n\t\t\t}\n\n\t\t\tsource.removeAttribute( 'style' );\n\n\t\t\tif ( 'height' === data.message ) {\n\t\t\t\t\/* Resize the iframe on request. *\/\n\t\t\t\theight = parseInt( data.value, 10 );\n\t\t\t\tif ( height > 1000 ) {\n\t\t\t\t\theight = 1000;\n\t\t\t\t} else if ( ~~height < 200 ) {\n\t\t\t\t\theight = 200;\n\t\t\t\t}\n\n\t\t\t\tsource.height = height;\n\t\t\t} else if ( 'link' === data.message ) {\n\t\t\t\t\/* Link to a specific URL on request. *\/\n\t\t\t\tsourceURL = new URL( source.getAttribute( 'src' ) );\n\t\t\t\ttargetURL = new URL( data.value );\n\n\t\t\t\tif (\n\t\t\t\t\tallowedProtocols.test( targetURL.protocol ) &&\n\t\t\t\t\ttargetURL.host === sourceURL.host &&\n\t\t\t\t\tdocument.activeElement === source\n\t\t\t\t) {\n\t\t\t\t\twindow.top.location.href = data.value;\n\t\t\t\t}\n\t\t\t}\n\t\t}\n\t};\n\n\tfunction onLoad() {\n\t\tvar iframes = document.querySelectorAll( 'iframe.wp-embedded-content' ),\n\t\t\ti, source, secret;\n\n\t\tfor ( i = 0; i < iframes.length; i++ ) {\n\t\t\t\/** @var {IframeElement} *\/\n\t\t\tsource = iframes[ i ];\n\n\t\t\tsecret = source.getAttribute( 'data-secret' );\n\t\t\tif ( ! secret ) {\n\t\t\t\t\/* Add secret to iframe *\/\n\t\t\t\tsecret = Math.random().toString( 36 ).substring( 2, 12 );\n\t\t\t\tsource.src += '#?secret=' + secret;\n\t\t\t\tsource.setAttribute( 'data-secret', secret );\n\t\t\t}\n\n\t\t\t\/*\n\t\t\t * Let post embed window know that the parent is ready for receiving the height message, in case the iframe\n\t\t\t * loaded before wp-embed.js was loaded. When the ready message is received by the post embed window, the\n\t\t\t * window will then (re-)send the height message right away.\n\t\t\t *\/\n\t\t\tsource.contentWindow.postMessage( {\n\t\t\t\tmessage: 'ready',\n\t\t\t\tsecret: secret\n\t\t\t}, '*' );\n\t\t}\n\t}\n\n\twindow.addEventListener( 'message', window.wp.receiveEmbedMessage, false );\n\tdocument.addEventListener( 'DOMContentLoaded', onLoad, false );\n})( window, document );\n\/\/# sourceURL=https:\/\/www.thinkingafrica.org\/V2\/wp-includes\/js\/wp-embed.js\n<\/script>\n","description":"{preheader} Voir la {webversion} ou {unsub} {subject} Editorial: D\u00e9couvrir Thinking Africa ( http:\/\/www.thinkingafrica.org\/V2\/edito-newsletter1\/ ) Thinking Africa est un think tank ind\u00e9pendant qui offre aux chercheurs, aux institutions, aux gouvernements, aux soci\u00e9t\u00e9s civiles et aux organisations des id\u00e9es nouvelles sur l\u2019Afrique. Nous sommes un r\u00e9seau de chercheurs, d\u2019experts et de d\u00e9cideurs politiques int\u00e9ress\u00e9s par une approche innovante et nouvelle sur l\u2019Afrique. En tant que think tank ind\u00e9pendant sp\u00e9cialis\u00e9 dans la recherche sur les enjeux globaux africains, nous offrons... Lire la suite ( http:\/\/www.thinkingafrica.org\/V2\/edito-newsletter1\/ ) PUBLICATIONS La libre circulation des personnes en Afrique et passeport continental : vers une Afrique int\u00e9gr\u00e9e et en paix ? ( http:\/\/www.thinkingafrica.org\/V2\/la-libre-circulation-des-personnes-en-afrique-et-passeport-continental-vers-une-afrique-integree-et-en-paix\/ ) O\u00f9 en est l\u2019int\u00e9gration pr\u00f4n\u00e9e par les p\u00e8res fondateurs de l\u2019Organisation ? O\u00f9 en est cette volont\u00e9 d\u2019une \u00ab Afrique int\u00e9gr\u00e9e \u00bb fix\u00e9e comme un des objectifs fondamentaux de l\u2019Union africaine ?  Lire l'article ( http:\/\/www.thinkingafrica.org\/V2\/la-libre-circulation-des-personnes-en-afrique-et-passeport-continental-vers-une-afrique-integree-et-en-paix\/ ) Understanding and dealing with inter-linked conflicts ( http:\/\/www.thinkingafrica.org\/V2\/understanding-and-dealing-with-inter-linked-conflicts\/ ) How a new approach involving neighbouring states and a closer examination of the nature of the state in Africa plus exploring concepts like consociationalism can help the UN in bringing peace to regions like the Great Lakes of Africa. Lire l'article ( http:\/\/www.thinkingafrica.org\/V2\/understanding-and-dealing-with-inter-linked-conflicts\/ ) L\u2019Union Africaine doit privil\u00e9gier la pr\u00e9vention des conflits arm\u00e9s ( http:\/\/www.thinkingafrica.org\/V2\/lunion-africaine-doit-privilegier-la-prevention-des-conflits-armes\/ ) Depuis une dizaine d\u2019ann\u00e9es, l\u2019Union africaine s\u2019attelle \u00e0 la construction d\u2019une architecture de paix continentale. N\u2019ayant pas les moyens d\u2019organiser des op\u00e9rations de maintien de la paix tr\u00e8s co\u00fbteuses, elle doit accorder plus d\u2019int\u00e9r\u00eat \u00e0 la pr\u00e9vention, qui est \u00e0 sa port\u00e9e. Lire l'article ( http:\/\/www.thinkingafrica.org\/V2\/lunion-africaine-doit-privilegier-la-prevention-des-conflits-armes\/ ) Resource inequality distribution and Separatist movement on the Comoros Islands ( http:\/\/www.thinkingafrica.org\/V2\/resource-inequality-distribution-and-separatist-movement-on-the-comoros-islands\/ ) The overall crisis reinforced the discontent vis-\u00e0-vis the Anjouan crisis and gave an excuse for the army to desert the interim president Tadjidine, who was said to have abused its powers by postponing the elections over his interim period, which expired in February 1999. Lire l'article ( http:\/\/www.thinkingafrica.org\/V2\/resource-inequality-distribution-and-separatist-movement-on-the-comoros-islands\/ ) Obama\u2019s trip to Africa: shifting to a more strategic vision ( http:\/\/www.thinkingafrica.org\/V2\/obamas-trip-to-africa-shifting-to-a-more-strategic-vision\/ ) Africa is still perceived as a costly burden and a dark part of the world drowned in conflict and poverty, but Obama is trying to shift attention to economic opportunity. The shift to a more strategic, contemporary vision of Africa is still in the making in America as much as in Europe. Lire l'article ( http:\/\/www.thinkingafrica.org\/V2\/obamas-trip-to-africa-shifting-to-a-more-strategic-vision\/ ) Fadel Barro : \"Personne ne parlait. On s\u2019est dit qu\u2019il fallait faire quelque chose\" ( http:\/\/www.thinkingafrica.org\/V2\/fadel-barro-personne-ne-parlait-on-sest-dit-quil-fallait-faire-quelque-chose\/ ) Fadel Barro fait partie de cette g\u00e9n\u00e9ration qui tourne le dos \u00e0 l\u2019exil et au d\u00e9faitisme. Il parle de l\u2019urgence d\u2019organiser les nouvelles formes de lutte ici et maintenant sur le continent. Nous n\u2019avons pas le luxe d\u2019attendre demain. \u00c0 Dakar (S\u00e9n\u00e9gal) o\u00f9 nous l\u2019avons rencontr\u00e9, il anime le collectif \u00ab Y\u2019en a marre \u00bb. Lire l'article ( http:\/\/www.thinkingafrica.org\/V2\/fadel-barro-personne-ne-parlait-on-sest-dit-quil-fallait-faire-quelque-chose\/ ) FORMATIONS Leadership collaboratif et r\u00e9forme du secteur de la s\u00e9curit\u00e9 au Ghana ( http:\/\/www.thinkingafrica.org\/V2\/les-forces-republicaines-ivoiriennes-en-seminaire-sur-le-leadership-collaboratif-a-accra\/ ) Thinking Africa a, d\u00e8s l\u2019origine, port\u00e9 un projet soucieux de fournir du savoir aux responsables africains dans divers domaines. C\u2019est ainsi qu\u2019en partenariat avec le Centre Kofi Annan, nous avons form\u00e9 plusieurs officiers sup\u00e9rieurs des forces r\u00e9publicaines de C\u00f4te d\u2019Ivoire \u00e0 Accra (Ghana). Atelier de formation en partenariat avec la mission des Nations unies en C\u00f4te d'Ivoire (ONUCI) et le Centre international de Formation Kofi Annan pour la Paix (KAIPTC). Plus d'infos ( http:\/\/www.thinkingafrica.org\/V2\/les-forces-republicaines-ivoiriennes-en-seminaire-sur-le-leadership-collaboratif-a-accra\/ ) Technique de n\u00e9gociation dans le cadre du renforcement des capacit\u00e9s des agents de l'Etat ( http:\/\/www.thinkingafrica.org\/V2\/comores-thinking-africa\/ ) Nous avons \u00e9galement men\u00e9 une formation en n\u00e9gociation, m\u00e9diation et leadership pour la Haute Administration comorienne. Atelier de formation en partenariat avec le programme franco-comorien de co-d\u00e9veloppement et le Programme des Nations Unies pour le D\u00e9veloppement (PNUD). Plus d'infos ( http:\/\/www.thinkingafrica.org\/V2\/comores-thinking-africa\/ ) THINKING AFRICA TV Entrevue avec Freddy Tsimba: \"Un artiste en temps de guerre\" ( http:\/\/www.thinkingafrica.org\/V2\/portfolio\/sculpture-de-la-vie-freddy-tsimba-un-artiste-en-temps-de-guerre\/ ) http:\/\/www.thinkingafrica.org\/V2\/portfolio\/sculpture-de-la-vie-freddy-tsimba-un-artiste-en-temps-de-guerre\/ Voir la vid\u00e9o ( http:\/\/www.thinkingafrica.org\/V2\/portfolio\/sculpture-de-la-vie-freddy-tsimba-un-artiste-en-temps-de-guerre\/ ) Entrevue avec Gilbert Khadiagala: \"African mediation\" ( http:\/\/www.thinkingafrica.org\/V2\/portfolio\/meddlers-or-mediators-khadiagala\/ ) http:\/\/www.thinkingafrica.org\/V2\/portfolio\/meddlers-or-mediators-khadiagala\/ Voir la vid\u00e9o ( http:\/\/www.thinkingafrica.org\/V2\/portfolio\/meddlers-or-mediators-khadiagala\/ ) A propos de Thinking Africa Thinking Africa est un institut de recherche et d\u2019enseignement sur la paix. R\u00e9seau de jeunes chercheurs, d\u2019universitaires confirm\u00e9s et d\u2019experts, Thinking Africa propose, aux institutions, aux gouvernements, aux soci\u00e9t\u00e9s civiles, et aux organisations, des analyses et recommandations pour vivre la paix sur le continent africain. Visitez notre site: www.thinkingafrica.org ( http:\/\/http:\/\/www.thinkingafrica.org\/ ) D\u00e9couvrez notre \u00e9quipe de recherche ( http:\/\/www.thinkingafrica.org\/V2\/thinking-africa\/equipe-de-recherche\/ ) et nos experts affili\u00e9s ( http:\/\/www.thinkingafrica.org\/V2\/thinking-africa\/experts-affilies\/ ) {can-spam} {copyright} http:\/\/www.twitter.com\/thinkingafrica1 http:\/\/www.facebook.com\/thinkingafrica http:\/\/youtube.com\/user\/ThinkingAfrica1","thumbnail_url":"http:\/\/www.thinkingafrica.org\/V2\/wp-content\/uploads\/2012\/12\/Portrait.jpg"}