{"id":8245,"date":"2020-06-16T20:35:26","date_gmt":"2020-06-16T18:35:26","guid":{"rendered":"http:\/\/www.thinkingafrica.org\/V2\/?post_type=portfolio&#038;p=8245"},"modified":"2020-06-16T20:37:03","modified_gmt":"2020-06-16T18:37:03","slug":"interview-malcom-ferdinand","status":"publish","type":"portfolio","link":"https:\/\/www.thinkingafrica.org\/V2\/project\/interview-malcom-ferdinand\/","title":{"rendered":"L&rsquo;\u00e9cologisme s\u2019est constitu\u00e9 avec l&rsquo;exclusion des minorit\u00e9s non-blanches | Malcom Ferdinand"},"content":{"rendered":"<p><iframe loading=\"lazy\" src=\"https:\/\/www.youtube.com\/embed\/oeNkGsSeFUo\" width=\"740\" height=\"400\" frameborder=\"0\" allowfullscreen=\"allowfullscreen\"><span data-mce-type=\"bookmark\" style=\"display: inline-block; width: 0px; overflow: hidden; line-height: 0;\" class=\"mce_SELRES_start\">\ufeff<\/span><\/iframe><\/p>\n<p><strong>Malcom Ferdinand est docteur en science politique de l\u2019universit\u00e9 Paris Diderot, ing\u00e9nieur en environnement et chercheur sur les enjeux \u00e9cologiques au CNRS \u00e0 Paris. <\/strong><\/p>\n<p>Son ouvrage \u201cUne \u00e9cologie d\u00e9coloniale : Penser l\u2019\u00e9cologie depuis le monde carib\u00e9en\u201d contribue \u00e0 l&rsquo;approfondissement de la pens\u00e9e \u00e9cologique et au d\u00e9veloppement de solutions th\u00e9oriques et pratiques pour une transformation de la soci\u00e9t\u00e9 et des relations avec l&rsquo;environnement. \u00c0 travers son travail, l\u2019auteur propose de red\u00e9finir et de revisiter le champ de l\u2019\u00e9cologie dont l\u2019histoire est indissociable du contexte de la colonisation et de ses cons\u00e9quences.<\/p>\n<p>La notion d&rsquo;\u00e9cologie d\u00e9coloniale permet donc d&rsquo;analyser l&rsquo;objet \u00e9cologique en prenant en compte les questions raciales et l&rsquo;h\u00e9ritage colonial.<\/p>\n<p>Dans cet entretien r\u00e9alis\u00e9 par Thinking Africa, Malcom Ferdinand fait une analyse des enjeux \u00e9cologiques contemporains, en adoptant une posture \u00e0 la fois afrocentriste et d\u00e9coloniale.<\/p>\n<p>\u00ab\u00a0Dans les Cara\u00efbes (mais aussi dans d&rsquo;autres r\u00e9gions du monde dont en Afrique), d\u2019une part on nous a \u00e9duqu\u00e9 \u00e0 consommer un syst\u00e8me de culture et de plantation h\u00e9rit\u00e9 de l&rsquo;\u00e9poque coloniale et d\u2019autre part, on nous a appris une ignorance de nous-m\u00eames, une ignorance de notre histoire. On a comme seul mod\u00e8le ce qui a \u00e9t\u00e9 fait par les occidentaux. On nous a inculqu\u00e9 l\u2019id\u00e9e que \u201cl\u2019autre\u201d n\u2019est pas possible. C\u2019est pour \u00e7a qu\u2019il est important d\u2019inculquer d\u00e8s le plus jeune \u00e2ge que le mod\u00e8le que l\u2019on vit aujourd\u2019hui est un mod\u00e8le parmi d\u2019autres, qu&rsquo;il y a d&rsquo;autres fa\u00e7ons de faire et qu&rsquo;il est possible de faire autrement, pour \u00e9viter la r\u00e9signation.\u00a0\u00bb<\/p>\n<p><a href=\"https:\/\/www.youtube.com\/watch?v=oeNkGsSeFUo\"><img loading=\"lazy\" decoding=\"async\" class=\"alignnone wp-image-8246\" src=\"https:\/\/www.thinkingafrica.org\/V2\/wp-content\/uploads\/2020\/06\/Malcom-Ferdinand.jpg\" alt=\"\" width=\"740\" height=\"416\" srcset=\"https:\/\/www.thinkingafrica.org\/V2\/wp-content\/uploads\/2020\/06\/Malcom-Ferdinand.jpg 1280w, https:\/\/www.thinkingafrica.org\/V2\/wp-content\/uploads\/2020\/06\/Malcom-Ferdinand-300x169.jpg 300w, https:\/\/www.thinkingafrica.org\/V2\/wp-content\/uploads\/2020\/06\/Malcom-Ferdinand-1024x576.jpg 1024w, https:\/\/www.thinkingafrica.org\/V2\/wp-content\/uploads\/2020\/06\/Malcom-Ferdinand-768x432.jpg 768w, https:\/\/www.thinkingafrica.org\/V2\/wp-content\/uploads\/2020\/06\/Malcom-Ferdinand-750x422.jpg 750w, https:\/\/www.thinkingafrica.org\/V2\/wp-content\/uploads\/2020\/06\/Malcom-Ferdinand-1140x641.jpg 1140w\" sizes=\"auto, (max-width: 740px) 100vw, 740px\" \/><\/a><\/p>\n","protected":false},"author":1,"featured_media":8246,"menu_order":0,"comment_status":"open","ping_status":"open","template":"","format":"standard","class_list":["post-8245","portfolio","type-portfolio","status-publish","format-standard","has-post-thumbnail","hentry","portfolio_category-cultures-identite"],"acf":[],"yoast_head":"<!-- This site is optimized with the Yoast SEO plugin v27.5 - https:\/\/yoast.com\/product\/yoast-seo-wordpress\/ -->\n<title>L&#039;\u00e9cologisme s\u2019est constitu\u00e9 avec l&#039;exclusion des minorit\u00e9s non-blanches | Malcom Ferdinand - Thinking Africa<\/title>\n<meta name=\"robots\" content=\"index, follow, max-snippet:-1, max-image-preview:large, max-video-preview:-1\" \/>\n<link rel=\"canonical\" href=\"https:\/\/www.thinkingafrica.org\/V2\/portfolio\/interview-malcom-ferdinand\/\" \/>\n<meta property=\"og:locale\" content=\"fr_FR\" \/>\n<meta property=\"og:type\" content=\"article\" \/>\n<meta property=\"og:title\" content=\"L&#039;\u00e9cologisme s\u2019est constitu\u00e9 avec l&#039;exclusion des minorit\u00e9s non-blanches | Malcom Ferdinand - Thinking Africa\" \/>\n<meta property=\"og:description\" content=\"\ufeff Malcom Ferdinand est docteur en science politique de l\u2019universit\u00e9 Paris Diderot, ing\u00e9nieur en environnement et chercheur sur les enjeux \u00e9cologiques au CNRS \u00e0 Paris. Son ouvrage \u201cUne \u00e9cologie d\u00e9coloniale : Penser l\u2019\u00e9cologie depuis le monde carib\u00e9en\u201d contribue \u00e0 l&rsquo;approfondissement de la pens\u00e9e \u00e9cologique et au d\u00e9veloppement de solutions th\u00e9oriques et pratiques pour une transformation [&hellip;]\" \/>\n<meta property=\"og:url\" content=\"https:\/\/www.thinkingafrica.org\/V2\/portfolio\/interview-malcom-ferdinand\/\" \/>\n<meta property=\"og:site_name\" content=\"Thinking Africa\" \/>\n<meta property=\"article:modified_time\" content=\"2020-06-16T18:37:03+00:00\" \/>\n<meta property=\"og:image\" content=\"https:\/\/www.thinkingafrica.org\/V2\/wp-content\/uploads\/2020\/06\/Malcom-Ferdinand.jpg\" \/>\n\t<meta property=\"og:image:width\" content=\"1280\" \/>\n\t<meta property=\"og:image:height\" content=\"720\" \/>\n\t<meta property=\"og:image:type\" content=\"image\/jpeg\" \/>\n<meta name=\"twitter:card\" content=\"summary_large_image\" \/>\n<meta name=\"twitter:label1\" content=\"Dur\u00e9e de lecture estim\u00e9e\" \/>\n\t<meta name=\"twitter:data1\" content=\"1 minute\" \/>\n<script type=\"application\/ld+json\" class=\"yoast-schema-graph\">{\"@context\":\"https:\\\/\\\/schema.org\",\"@graph\":[{\"@type\":\"WebPage\",\"@id\":\"https:\\\/\\\/www.thinkingafrica.org\\\/V2\\\/portfolio\\\/interview-malcom-ferdinand\\\/\",\"url\":\"https:\\\/\\\/www.thinkingafrica.org\\\/V2\\\/portfolio\\\/interview-malcom-ferdinand\\\/\",\"name\":\"L'\u00e9cologisme s\u2019est constitu\u00e9 avec l'exclusion des minorit\u00e9s non-blanches | Malcom Ferdinand - Thinking Africa\",\"isPartOf\":{\"@id\":\"https:\\\/\\\/www.thinkingafrica.org\\\/V2\\\/#website\"},\"primaryImageOfPage\":{\"@id\":\"https:\\\/\\\/www.thinkingafrica.org\\\/V2\\\/portfolio\\\/interview-malcom-ferdinand\\\/#primaryimage\"},\"image\":{\"@id\":\"https:\\\/\\\/www.thinkingafrica.org\\\/V2\\\/portfolio\\\/interview-malcom-ferdinand\\\/#primaryimage\"},\"thumbnailUrl\":\"https:\\\/\\\/www.thinkingafrica.org\\\/V2\\\/wp-content\\\/uploads\\\/2020\\\/06\\\/Malcom-Ferdinand.jpg\",\"datePublished\":\"2020-06-16T18:35:26+00:00\",\"dateModified\":\"2020-06-16T18:37:03+00:00\",\"breadcrumb\":{\"@id\":\"https:\\\/\\\/www.thinkingafrica.org\\\/V2\\\/portfolio\\\/interview-malcom-ferdinand\\\/#breadcrumb\"},\"inLanguage\":\"fr-FR\",\"potentialAction\":[{\"@type\":\"ReadAction\",\"target\":[\"https:\\\/\\\/www.thinkingafrica.org\\\/V2\\\/portfolio\\\/interview-malcom-ferdinand\\\/\"]}]},{\"@type\":\"ImageObject\",\"inLanguage\":\"fr-FR\",\"@id\":\"https:\\\/\\\/www.thinkingafrica.org\\\/V2\\\/portfolio\\\/interview-malcom-ferdinand\\\/#primaryimage\",\"url\":\"https:\\\/\\\/www.thinkingafrica.org\\\/V2\\\/wp-content\\\/uploads\\\/2020\\\/06\\\/Malcom-Ferdinand.jpg\",\"contentUrl\":\"https:\\\/\\\/www.thinkingafrica.org\\\/V2\\\/wp-content\\\/uploads\\\/2020\\\/06\\\/Malcom-Ferdinand.jpg\",\"width\":1280,\"height\":720},{\"@type\":\"BreadcrumbList\",\"@id\":\"https:\\\/\\\/www.thinkingafrica.org\\\/V2\\\/portfolio\\\/interview-malcom-ferdinand\\\/#breadcrumb\",\"itemListElement\":[{\"@type\":\"ListItem\",\"position\":1,\"name\":\"Accueil\",\"item\":\"https:\\\/\\\/www.thinkingafrica.org\\\/V2\\\/\"},{\"@type\":\"ListItem\",\"position\":2,\"name\":\"L&rsquo;\u00e9cologisme s\u2019est constitu\u00e9 avec l&rsquo;exclusion des minorit\u00e9s non-blanches | Malcom Ferdinand\"}]},{\"@type\":\"WebSite\",\"@id\":\"https:\\\/\\\/www.thinkingafrica.org\\\/V2\\\/#website\",\"url\":\"https:\\\/\\\/www.thinkingafrica.org\\\/V2\\\/\",\"name\":\"Thinking Africa\",\"description\":\"Recherche, r\u00e9flexions et ressources pour r\u00e9inventer le leadership africain\",\"potentialAction\":[{\"@type\":\"SearchAction\",\"target\":{\"@type\":\"EntryPoint\",\"urlTemplate\":\"https:\\\/\\\/www.thinkingafrica.org\\\/V2\\\/?s={search_term_string}\"},\"query-input\":{\"@type\":\"PropertyValueSpecification\",\"valueRequired\":true,\"valueName\":\"search_term_string\"}}],\"inLanguage\":\"fr-FR\"}]}<\/script>\n<!-- \/ Yoast SEO plugin. -->","yoast_head_json":{"title":"L'\u00e9cologisme s\u2019est constitu\u00e9 avec l'exclusion des minorit\u00e9s non-blanches | Malcom Ferdinand - Thinking Africa","robots":{"index":"index","follow":"follow","max-snippet":"max-snippet:-1","max-image-preview":"max-image-preview:large","max-video-preview":"max-video-preview:-1"},"canonical":"https:\/\/www.thinkingafrica.org\/V2\/portfolio\/interview-malcom-ferdinand\/","og_locale":"fr_FR","og_type":"article","og_title":"L'\u00e9cologisme s\u2019est constitu\u00e9 avec l'exclusion des minorit\u00e9s non-blanches | Malcom Ferdinand - Thinking Africa","og_description":"\ufeff Malcom Ferdinand est docteur en science politique de l\u2019universit\u00e9 Paris Diderot, ing\u00e9nieur en environnement et chercheur sur les enjeux \u00e9cologiques au CNRS \u00e0 Paris. Son ouvrage \u201cUne \u00e9cologie d\u00e9coloniale : Penser l\u2019\u00e9cologie depuis le monde carib\u00e9en\u201d contribue \u00e0 l&rsquo;approfondissement de la pens\u00e9e \u00e9cologique et au d\u00e9veloppement de solutions th\u00e9oriques et pratiques pour une transformation [&hellip;]","og_url":"https:\/\/www.thinkingafrica.org\/V2\/portfolio\/interview-malcom-ferdinand\/","og_site_name":"Thinking Africa","article_modified_time":"2020-06-16T18:37:03+00:00","og_image":[{"width":1280,"height":720,"url":"https:\/\/www.thinkingafrica.org\/V2\/wp-content\/uploads\/2020\/06\/Malcom-Ferdinand.jpg","type":"image\/jpeg"}],"twitter_card":"summary_large_image","twitter_misc":{"Dur\u00e9e de lecture estim\u00e9e":"1 minute"},"schema":{"@context":"https:\/\/schema.org","@graph":[{"@type":"WebPage","@id":"https:\/\/www.thinkingafrica.org\/V2\/portfolio\/interview-malcom-ferdinand\/","url":"https:\/\/www.thinkingafrica.org\/V2\/portfolio\/interview-malcom-ferdinand\/","name":"L'\u00e9cologisme s\u2019est constitu\u00e9 avec l'exclusion des minorit\u00e9s non-blanches | Malcom Ferdinand - Thinking Africa","isPartOf":{"@id":"https:\/\/www.thinkingafrica.org\/V2\/#website"},"primaryImageOfPage":{"@id":"https:\/\/www.thinkingafrica.org\/V2\/portfolio\/interview-malcom-ferdinand\/#primaryimage"},"image":{"@id":"https:\/\/www.thinkingafrica.org\/V2\/portfolio\/interview-malcom-ferdinand\/#primaryimage"},"thumbnailUrl":"https:\/\/www.thinkingafrica.org\/V2\/wp-content\/uploads\/2020\/06\/Malcom-Ferdinand.jpg","datePublished":"2020-06-16T18:35:26+00:00","dateModified":"2020-06-16T18:37:03+00:00","breadcrumb":{"@id":"https:\/\/www.thinkingafrica.org\/V2\/portfolio\/interview-malcom-ferdinand\/#breadcrumb"},"inLanguage":"fr-FR","potentialAction":[{"@type":"ReadAction","target":["https:\/\/www.thinkingafrica.org\/V2\/portfolio\/interview-malcom-ferdinand\/"]}]},{"@type":"ImageObject","inLanguage":"fr-FR","@id":"https:\/\/www.thinkingafrica.org\/V2\/portfolio\/interview-malcom-ferdinand\/#primaryimage","url":"https:\/\/www.thinkingafrica.org\/V2\/wp-content\/uploads\/2020\/06\/Malcom-Ferdinand.jpg","contentUrl":"https:\/\/www.thinkingafrica.org\/V2\/wp-content\/uploads\/2020\/06\/Malcom-Ferdinand.jpg","width":1280,"height":720},{"@type":"BreadcrumbList","@id":"https:\/\/www.thinkingafrica.org\/V2\/portfolio\/interview-malcom-ferdinand\/#breadcrumb","itemListElement":[{"@type":"ListItem","position":1,"name":"Accueil","item":"https:\/\/www.thinkingafrica.org\/V2\/"},{"@type":"ListItem","position":2,"name":"L&rsquo;\u00e9cologisme s\u2019est constitu\u00e9 avec l&rsquo;exclusion des minorit\u00e9s non-blanches | Malcom Ferdinand"}]},{"@type":"WebSite","@id":"https:\/\/www.thinkingafrica.org\/V2\/#website","url":"https:\/\/www.thinkingafrica.org\/V2\/","name":"Thinking Africa","description":"Recherche, r\u00e9flexions et ressources pour r\u00e9inventer le leadership africain","potentialAction":[{"@type":"SearchAction","target":{"@type":"EntryPoint","urlTemplate":"https:\/\/www.thinkingafrica.org\/V2\/?s={search_term_string}"},"query-input":{"@type":"PropertyValueSpecification","valueRequired":true,"valueName":"search_term_string"}}],"inLanguage":"fr-FR"}]}},"_links":{"self":[{"href":"https:\/\/www.thinkingafrica.org\/V2\/wp-json\/wp\/v2\/portfolio\/8245","targetHints":{"allow":["GET"]}}],"collection":[{"href":"https:\/\/www.thinkingafrica.org\/V2\/wp-json\/wp\/v2\/portfolio"}],"about":[{"href":"https:\/\/www.thinkingafrica.org\/V2\/wp-json\/wp\/v2\/types\/portfolio"}],"author":[{"embeddable":true,"href":"https:\/\/www.thinkingafrica.org\/V2\/wp-json\/wp\/v2\/users\/1"}],"replies":[{"embeddable":true,"href":"https:\/\/www.thinkingafrica.org\/V2\/wp-json\/wp\/v2\/comments?post=8245"}],"wp:featuredmedia":[{"embeddable":true,"href":"https:\/\/www.thinkingafrica.org\/V2\/wp-json\/wp\/v2\/media\/8246"}],"wp:attachment":[{"href":"https:\/\/www.thinkingafrica.org\/V2\/wp-json\/wp\/v2\/media?parent=8245"}],"curies":[{"name":"wp","href":"https:\/\/api.w.org\/{rel}","templated":true}]}}